{"id":12,"date":"2025-06-06T17:47:48","date_gmt":"2025-06-06T15:47:48","guid":{"rendered":"https:\/\/selchow.de\/wp\/?page_id=12"},"modified":"2025-09-23T14:42:24","modified_gmt":"2025-09-23T12:42:24","slug":"unternehmen","status":"publish","type":"page","link":"https:\/\/selchow.de\/wp\/?page_id=12","title":{"rendered":"Unternehmen"},"content":{"rendered":"\n<p><br>Seit dem Jahr <strong>1982<\/strong> sind wir in der Versicherungsvermittlung t\u00e4tig.<\/p>\n\n\n\n<p><strong>Erhardt Selchow<\/strong> begann als nebenberuflicher Vermittler f\u00fcr die Deutsche Beamten Versicherung (DBV) neben dem Hauptberuf des Justizvollzugsbeamten. Schwerpunkt war hier vor allem das so genannte Beamtengesch\u00e4ft.<\/p>\n\n\n\n<p>Im Jahr <strong>1985<\/strong> er\u00f6ffnete der Betreuer von Erhardt Selchow, Claus-Peter Meyer, sein Versicherungsmaklergesch\u00e4ft und Erhardt Selchow sah die gute und sinnvolle Art die Produktpalette zu erweitern und in Zukunft nicht nur die DBV anbieten zu k\u00f6nnen. Eine breite und gute Produktpalette verschiedenster Versicherer anbieten zu k\u00f6nnen \u00fcberzeugte.<\/p>\n\n\n\n<p>Herr Meyer verkauft seine Versicherungsmaklerei <strong>1990<\/strong> und ist fortan im Journalismusbereich f\u00fcr Versicherungen t\u00e4tig. <br><br>Erhardt Selchow und seine Frau Gisela gr\u00fcnden daraufhin die eigene Versicherungsmaklerei und verwalten die bis dahin betreuten Kunden und Versicherungsvertr\u00e4ge in Eigenregie.<\/p>\n\n\n\n<p><strong>Jan Selchow<\/strong> beginnt <strong>1991<\/strong> die Ausbildung zum Versicherungskaufmann in einem Agenturb\u00fcro der Provinzial Nord in Pl\u00f6n.<\/p>\n\n\n\n<p>Nach der Ausbildung, Wehrdienst und ein paar Stationen zur Sammlung von Erfahrungen (Au\u00dfendienst in einem Kieler Agenturb\u00fcro der Provinzial Nord, BHW Bausparkasse und VGH Agenturleitung in Niedersachsen) ist Jan Selchow <strong>1997<\/strong> mit seinen Eltern eine B\u00fcrogemeinschaft eingegangen und fortan auch als Versicherungsmakler t\u00e4tig.<\/p>\n\n\n\n<p>Jan Selchow erwirbt <strong>2001<\/strong> nach zwei j\u00e4hrigem, nebenberuflichen Studium, den Titel: staatlich gepr\u00fcfter Versicherungsfachwirt. Dies ist sozusagen vergleichbar mit dem Meistertitel im Handwerk.<\/p>\n\n\n\n<p>Der Ausbau des Unternehmens geht immer weiter . Nach und nach werden die Anbindungsvertr\u00e4ge der Versicherungsgesellschaften auf Jan Selchow \u00fcbertragen.<\/p>\n\n\n\n<p>Andere Versicherungsmakler schlie\u00dfen sich an und nutzen unsere Erfahrungen sowie den Backoffice.<br>Durch den Anschluss von Maklerkollegen wird diesen Partnern der Wunsch nach einem neutralerem Auftreten nach au\u00dfen Rechnung getragen und seit <strong>2008<\/strong> lautet der Name der Versicherungsmaklerfirma daher:<\/p>\n\n\n\n<p><strong>Maklerverbund-Nord, Inh. Jan Selchow<\/strong><br><strong>Versicherungs- und Finanzmakler<\/strong><\/p>\n\n\n\n<p>Weitere Qualifikationen folgen von Jan Selchow zum Sachverst\u00e4ndigen im Versicherungsbereich und Schadensregulierer.<\/p>\n","protected":false},"excerpt":{"rendered":"<p>Seit dem Jahr 1982 sind wir in der Versicherungsvermittlung t\u00e4tig. Erhardt Selchow begann als nebenberuflicher [&hellip;]<\/p>\n","protected":false},"author":1,"featured_media":0,"parent":0,"menu_order":0,"comment_status":"closed","ping_status":"closed","template":"","meta":{"footnotes":""},"class_list":["post-12","page","type-page","status-publish","hentry"],"_links":{"self":[{"href":"https:\/\/selchow.de\/wp\/index.php?rest_route=\/wp\/v2\/pages\/12","targetHints":{"allow":["GET"]}}],"collection":[{"href":"https:\/\/selchow.de\/wp\/index.php?rest_route=\/wp\/v2\/pages"}],"about":[{"href":"https:\/\/selchow.de\/wp\/index.php?rest_route=\/wp\/v2\/types\/page"}],"author":[{"embeddable":true,"href":"https:\/\/selchow.de\/wp\/index.php?rest_route=\/wp\/v2\/users\/1"}],"replies":[{"embeddable":true,"href":"https:\/\/selchow.de\/wp\/index.php?rest_route=%2Fwp%2Fv2%2Fcomments&post=12"}],"version-history":[{"count":6,"href":"https:\/\/selchow.de\/wp\/index.php?rest_route=\/wp\/v2\/pages\/12\/revisions"}],"predecessor-version":[{"id":320,"href":"https:\/\/selchow.de\/wp\/index.php?rest_route=\/wp\/v2\/pages\/12\/revisions\/320"}],"wp:attachment":[{"href":"https:\/\/selchow.de\/wp\/index.php?rest_route=%2Fwp%2Fv2%2Fmedia&parent=12"}],"curies":[{"name":"wp","href":"https:\/\/api.w.org\/{rel}","templated":true}]}}